
{"id":2581,"date":"2023-01-12T14:01:17","date_gmt":"2023-01-12T19:01:17","guid":{"rendered":"https:\/\/posgrado.uwiener.edu.pe\/actividades\/?post_type=columnaopinion&#038;p=2581"},"modified":"2023-03-14T12:55:06","modified_gmt":"2023-03-14T17:55:06","slug":"la-depresion-del-adulto-mayor-un-problema-que-reclama-atencion","status":"publish","type":"columnaopinion","link":"https:\/\/posgrado.uwiener.edu.pe\/actividades\/articulosdeopinion\/salud\/la-depresion-del-adulto-mayor-un-problema-que-reclama-atencion\/","title":{"rendered":"La depresi\u00f3n del adulto mayor: Un problema que reclama atenci\u00f3n"},"content":{"rendered":"\n<p>La depresi\u00f3n es una enfermedad silenciosa pero tambi\u00e9n invisibilizada en los diferentes escenarios en los que se encuentran los adultos mayores. En la pandemia por Covid -19 se han intensificado los casos de depresi\u00f3n afectando las actividades cotidianas de las personas<sup>1<\/sup>.En una investigaci\u00f3n sistem\u00e1tica se encontr\u00f3 que los principales s\u00edntomas de la depresi\u00f3n son los des\u00f3rdenes de sue\u00f1o, ausencia de energ\u00eda y bajo estado de \u00e1nimo de los adultos mayores; sin embargo, estos s\u00edntomas suelen justificarse por diferentes circunstancias, de all\u00ed que son sub diagnosticados. Asimismo, la ideaci\u00f3n suicida es uno de los s\u00edntomas que retrata el alcance de esta enfermedad<sup>2<\/sup>; pero, este \u00faltimo es uno de los s\u00edntomas menos abordado, pues los instrumentos utilizados para diagnosticar la depresi\u00f3n, no siempre permiten una visi\u00f3n integral del problema y sus manifestaciones.<\/p>\n\n\n\n<p>Los docentes y estudiantes de la Maestr\u00eda en Ciencias de Enfermer\u00eda con menci\u00f3n en Gesti\u00f3n de los Servicios de Enfermer\u00eda, en estrecha coordinaci\u00f3n con las autoridades ediles y sanitarias de la Micro red San Vicente de Ca\u00f1ete, se han comprometidos con el cuidado de la salud de los adultos mayores, planificando e implementando un Programa de Intervenci\u00f3n dirigida a una poblaci\u00f3n de 300 adultos mayores. Este plan ha iniciado su ejecuci\u00f3n en octubre del 2022, con la Campa\u00f1a de salud integral al adulto mayor; encontr\u00e1ndose que una de las prioridades de atenci\u00f3n en los adultos mayores es la salud mental, considerando que el 78,9% de adultos mayores present\u00f3 depresi\u00f3n. De ellos el 61,3% eran de sexo femenino y las edades de los adultos m\u00e1s afectados est\u00e1n entre los 70-74 a\u00f1os de edad, representados con 19,7%. Estos resultados reclaman atenci\u00f3n inmediata si consideramos que la depresi\u00f3n no s\u00f3lo afecta de manera an\u00edmica; sino que tambi\u00e9n tiene manifestaciones som\u00e1ticas y afecta sus formas de vivir en el atardecer de sus vidas.<\/p>\n\n\n\n<p>Frente a los diferentes resultados, que se constituyen en una l\u00ednea de base, para el dise\u00f1o de planes de cuidados personales, familiares y comunitarios; se destaca el trabajo con las familias, buscando consolidar un tejido de protecci\u00f3n para el adulto mayor, en el que \u00e9l tenga un rol activo para la resignificaci\u00f3n de su valor en sociedad. En ese sentido, se buscar\u00e1 mitigar su deterioro cognitivo, el mismo que est\u00e1 directamente e indirectamente relacionado con la depresi\u00f3n<sup>3<\/sup>, afectando el bienestar del adulto mayor y de las personas que intervienen en su cuidado.<\/p>\n\n\n\n<p>Asimismo, los docentes y estudiantes de la maestr\u00eda en ciencias de enfermer\u00eda de nuestra casa de estudios, se han comprometido en seguir dise\u00f1ando proyectos de investigaci\u00f3n cient\u00edfica que puedan abordar desde los diferentes paradigmas de la ciencia, los problemas que aquejan al adulto mayor; de all\u00ed que se podr\u00e1n realizar investigaciones cualitativas, cuantitativas y mixtas; sin dejar de lado, los m\u00e9todos que permitan desde los mismos adultos mayores, identificar sus problemas, y que sean ellos quienes dise\u00f1en y ejecuten proyectos de intervenci\u00f3n participativa, para contribuir con el bienestar de los adultos mayores y sus familias.<\/p>\n\n\n\n<p class=\"has-small-font-size\">1.- Cuesta Mosquera EL, Pic\u00f3n Rodr\u00edguez JP, Pineida Parra PM. Tendencias actuales sobre la depresi\u00f3n, factores de riesgo y abuso de sustancias. jah [Internet]. 14 de febrero de 2022 [citado 10 de enero de 2023];5(1). Disponible en: <a href=\"https:\/\/jah-journal.com\/index.php\/jah\/article\/view\/114\" target=\"_blank\" rel=\"noopener\">https:\/\/jah-journal.com\/index.php\/jah\/article\/view\/114<\/a><\/p>\n\n\n\n<p class=\"has-small-font-size\">2.- Hern\u00e1ndez Calle JA, C\u00f3rdoba S\u00e1nchez V, Velilla Jim\u00e9nez LM. S\u00edntomas depresivos en el adulto mayor: una revisi\u00f3n sistem\u00e1tica. cuad.hispanoam.psicol [Internet]. 18 de julio de 2022 [citado 10 de enero de 2023];22(1):1-21. Disponible en: <a href=\"https:\/\/revistas.unbosque.edu.co\/index.php\/CHP\/article\/view\/sintomas-depresivos\" target=\"_blank\" rel=\"noopener\">https:\/\/revistas.unbosque.edu.co\/index.php\/CHP\/article\/view\/sintomas-depresivos<\/a> <\/p>\n\n\n\n<p class=\"has-small-font-size\">3.- Parada Mu\u00f1oz, Karina Raquel; Guapizaca Juca, Jorge Fabi\u00e1n; Bueno Pacheco, Gladys Alexandra. Deterioro cognitivo y depresi\u00f3n en adultos mayores: una revisi\u00f3n sistem\u00e1tica de los \u00faltimos 5 a\u00f1os. <strong>RCUISRAEL<\/strong>, Quito ,&nbsp; v. 9,&nbsp;n. 2,&nbsp;p. 77-93,&nbsp; agosto&nbsp; 2022 . &nbsp; Disponible en &lt;http:\/\/scielo.senescyt.gob.ec\/scielo.php?script=sci_arttext&amp;pid=S2631-27862022000200077&amp;lng=es&amp;nrm=iso&gt;. accedido en&nbsp; 10&nbsp; enero&nbsp; 2023. &nbsp;Epub&nbsp;10-Ago-2022.&nbsp;&nbsp;<a href=\"https:\/\/doi.org\/10.35290\/rcui.v9n2.2022.525\" target=\"_blank\" rel=\"noopener\">https:\/\/doi.org\/10.35290\/rcui.v9n2.2022.525<\/a><\/p>\n\n\n\n<p><\/p>\n","protected":false},"excerpt":{"rendered":"<p>La depresi\u00f3n es una enfermedad silenciosa pero tambi\u00e9n invisibilizada en los diferentes escenarios en los que se encuentran los adultos mayores. En la pandemia por Covid -19 se han intensificado los casos de depresi\u00f3n afectando las actividades cotidianas de las personas1.En una investigaci\u00f3n sistem\u00e1tica se encontr\u00f3 que los principales s\u00edntomas de la depresi\u00f3n son los [&hellip;]<\/p>\n","protected":false},"featured_media":2585,"parent":0,"template":"","categoria-columna":[57],"class_list":["post-2581","columnaopinion","type-columnaopinion","status-publish","has-post-thumbnail","hentry","categoria-columna-salud"],"_links":{"self":[{"href":"https:\/\/posgrado.uwiener.edu.pe\/actividades\/wp-json\/wp\/v2\/columnaopinion\/2581"}],"collection":[{"href":"https:\/\/posgrado.uwiener.edu.pe\/actividades\/wp-json\/wp\/v2\/columnaopinion"}],"about":[{"href":"https:\/\/posgrado.uwiener.edu.pe\/actividades\/wp-json\/wp\/v2\/types\/columnaopinion"}],"wp:featuredmedia":[{"embeddable":true,"href":"https:\/\/posgrado.uwiener.edu.pe\/actividades\/wp-json\/wp\/v2\/media\/2585"}],"wp:attachment":[{"href":"https:\/\/posgrado.uwiener.edu.pe\/actividades\/wp-json\/wp\/v2\/media?parent=2581"}],"wp:term":[{"taxonomy":"categoria-columna","embeddable":true,"href":"https:\/\/posgrado.uwiener.edu.pe\/actividades\/wp-json\/wp\/v2\/categoria-columna?post=2581"}],"curies":[{"name":"wp","href":"https:\/\/api.w.org\/{rel}","templated":true}]}}