
{"id":2737,"date":"2023-02-23T17:30:10","date_gmt":"2023-02-23T22:30:10","guid":{"rendered":"https:\/\/posgrado.uwiener.edu.pe\/actividades\/?post_type=evento&#038;p=2737"},"modified":"2023-02-23T17:30:10","modified_gmt":"2023-02-23T22:30:10","slug":"la-gestion-publica-y-la-economia-del-comportamiento","status":"publish","type":"evento","link":"https:\/\/posgrado.uwiener.edu.pe\/actividades\/evento\/la-gestion-publica-y-la-economia-del-comportamiento\/","title":{"rendered":"La Gesti\u00f3n P\u00fablica y la Econom\u00eda del Comportamiento"},"content":{"rendered":"\n<p>\ud83d\udca1Participa de nuestra Charla Informativa: \u00abLa Gesti\u00f3n P\u00fablica y la Econom\u00eda del Comportamiento\u00bb<\/p>\n\n\n\n<p>.<\/p>\n\n\n\n<p>\u2705Transmisi\u00f3n v\u00eda Zoom y Facebook Live<\/p>\n\n\n\n<p>.<\/p>\n\n\n\n<p>\ud83d\udc49Reg\u00edstrate aqu\u00ed para recibir el link de la transmisi\u00f3n:\u00a0<a rel=\"noreferrer noopener\" href=\"https:\/\/l.facebook.com\/l.php?u=https%3A%2F%2Fbit.ly%2F3Ec5PEz%3Ffbclid%3DIwAR1NLEG4R-oUXRmWnQOnc3TS9qHv8P3Qb29ZWhUKR9yalQv5-3qXxT9c_rg&amp;h=AT1-VJS1b31ikw9qKCJpKZ1B2CGVnrcQaoSAsQyFKIszda2V9RRuZk0uRMpTvywlyYiuQosjNzr_E-C3zMCUkhWzJAGgE7Nnw_OK26lPxiKiw8ziO71pqlzs6CdHtG8a9JOSCoLPdtct7Z9RLg&amp;__tn__=q&amp;c[0]=AT2Wy6nflV4XW0MtCL8b6EiW58XPCq_r_v_XY97NmwsRvVGCeiTlhLp9hjvruvGQlJ2O-7z9cikJQFsfzCwjz83fP4eDfvnC6jmtdeIDiXLfjxAT2MUIRit7DOUAMRr_ena2mjFUCgAYLhtdfguKuiaUTYN6\" target=\"_blank\">https:\/\/bit.ly\/3Ec5PEz<\/a><\/p>\n\n\n\n<p>.<\/p>\n\n\n\n<p>\ud83d\udc68\u200d\ud83c\udfebPonente:<br>Gilmer S\u00e1nchez Valenzuela<br>Economista, candidato a doctor en \u201cEconom\u00eda\u201d de la Universidad Complutense de Madrid, m\u00e1ster en \u201cEconom\u00eda, Regulaci\u00f3n y Competencia de los Servicios P\u00fablicos\u201d de la Universitat de Barcelona, mag\u00edster en \u201cFinanzas\u201d de la Universidad del Pac\u00edfico y maestrando en \u201cCrecimiento y Desarrollo Sostenible\u201d por la Universidad Catilla-La Mancha. Labora en la Contralor\u00eda General de la Rep\u00fablica del Per\u00fa, designado como Jefe de OCI.<\/p>\n","protected":false},"excerpt":{"rendered":"<p>\ud83d\udca1Participa de nuestra Charla Informativa: \u00abLa Gesti\u00f3n P\u00fablica y la Econom\u00eda del Comportamiento\u00bb . \u2705Transmisi\u00f3n v\u00eda Zoom y Facebook Live . \ud83d\udc49Reg\u00edstrate aqu\u00ed para recibir el link de la transmisi\u00f3n:\u00a0https:\/\/bit.ly\/3Ec5PEz . \ud83d\udc68\u200d\ud83c\udfebPonente:Gilmer S\u00e1nchez ValenzuelaEconomista, candidato a doctor en \u201cEconom\u00eda\u201d de la Universidad Complutense de Madrid, m\u00e1ster en \u201cEconom\u00eda, Regulaci\u00f3n y Competencia de los Servicios P\u00fablicos\u201d [&hellip;]<\/p>\n","protected":false},"featured_media":0,"parent":0,"template":"","categoria-eventos":[17,44],"class_list":["post-2737","evento","type-evento","status-publish","hentry","categoria-eventos-videoconferencias","categoria-eventos-webinar-gratuito"],"custom_fields_data":{"inline_featured_image":["0"],"hcf_post_fecha":["2023-02-24"],"hcf_post_timeI":["19:00"],"hcf_post_timeF":[""],"hcf_post_lugar":["Escuela de Posgrado Norbert Wiener - Facebook Live"],"hcf_post_ingreso":[""],"hcf_post_recomendados":[""],"hcf_post_anexos":[""],"hcf_post_email":[""],"hcf_post_url_face":["https:\/\/www.facebook.com\/events\/531147299120330"],"hcf_fecha_blog":[""],"hcf_destacado_blog":[""],"hcf_imagenes":["a:0:{}"],"hcf_thumb_500":["https:\/\/posgrado.uwiener.edu.pe\/actividades\/wp-content\/uploads\/2023\/02\/500x82-71.jpg"],"hcf_thumb_1600":["https:\/\/posgrado.uwiener.edu.pe\/actividades\/wp-content\/uploads\/2023\/02\/1920x314-71.jpg"],"hcf_destacada":["https:\/\/posgrado.uwiener.edu.pe\/actividades\/wp-content\/uploads\/2023\/02\/1200x628-75.jpg"],"_edit_lock":["1677192538:3"],"_edit_last":["3"],"rank_math_internal_links_processed":["1"]},"_links":{"self":[{"href":"https:\/\/posgrado.uwiener.edu.pe\/actividades\/wp-json\/wp\/v2\/evento\/2737"}],"collection":[{"href":"https:\/\/posgrado.uwiener.edu.pe\/actividades\/wp-json\/wp\/v2\/evento"}],"about":[{"href":"https:\/\/posgrado.uwiener.edu.pe\/actividades\/wp-json\/wp\/v2\/types\/evento"}],"wp:attachment":[{"href":"https:\/\/posgrado.uwiener.edu.pe\/actividades\/wp-json\/wp\/v2\/media?parent=2737"}],"wp:term":[{"taxonomy":"categoria-eventos","embeddable":true,"href":"https:\/\/posgrado.uwiener.edu.pe\/actividades\/wp-json\/wp\/v2\/categoria-eventos?post=2737"}],"curies":[{"name":"wp","href":"https:\/\/api.w.org\/{rel}","templated":true}]}}