
{"id":2804,"date":"2023-03-03T15:05:55","date_gmt":"2023-03-03T20:05:55","guid":{"rendered":"https:\/\/posgrado.uwiener.edu.pe\/actividades\/?post_type=evento&#038;p=2804"},"modified":"2023-03-24T14:22:24","modified_gmt":"2023-03-24T19:22:24","slug":"desafios-y-tendencias-como-aporte-a-la-justicia-ambiental-en-el-pais","status":"publish","type":"evento","link":"https:\/\/posgrado.uwiener.edu.pe\/actividades\/evento\/desafios-y-tendencias-como-aporte-a-la-justicia-ambiental-en-el-pais\/","title":{"rendered":"Desaf\u00edos y tendencias como aporte a la justicia ambiental en el pa\u00eds"},"content":{"rendered":"\n<p><img loading=\"lazy\" decoding=\"async\" height=\"16\" width=\"16\" alt=\"\ud83d\udca1\" src=\"https:\/\/static.xx.fbcdn.net\/images\/emoji.php\/v9\/t3c\/1\/16\/1f4a1.png\">Participa de nuestra Charla Informativa: \u00abDesaf\u00edos y tendencias como aporte a la justicia ambiental en el pa\u00eds\u00bb<\/p>\n\n\n\n<p>.<\/p>\n\n\n\n<p><img loading=\"lazy\" decoding=\"async\" height=\"16\" width=\"16\" alt=\"\u2705\" src=\"https:\/\/static.xx.fbcdn.net\/images\/emoji.php\/v9\/t33\/1\/16\/2705.png\">Transmisi\u00f3n v\u00eda Zoom y Facebook Live<\/p>\n\n\n\n<p>.<\/p>\n\n\n\n<p><img loading=\"lazy\" decoding=\"async\" height=\"16\" width=\"16\" alt=\"\ud83d\udc49\" src=\"https:\/\/static.xx.fbcdn.net\/images\/emoji.php\/v9\/t51\/1\/16\/1f449.png\">&nbsp;Reg\u00edstrate aqu\u00ed para recibir el link de la transmisi\u00f3n:&nbsp;<a rel=\"noreferrer noopener\" href=\"https:\/\/l.facebook.com\/l.php?u=https%3A%2F%2Fbit.ly%2F3m68JVj%3Ffbclid%3DIwAR3hhj-akQZ8dFA_n4uJz454h55lzLVu6of1bEIYY6ZhZZ3cAk7mkiXMwFg&amp;h=AT20dn_bcrCNZJikJt80-GYSWK3LTA2HQQ7Z7BhkFqVjJfOs-w01Ak0DOkdNTW7MGTXUQg16lQp1c-pnQItkjoNhhrQfFzMQ5Emv66QgRY_QjfJrorZMENshp21qh2CC_vEuzhsc5j283Wp2Hg&amp;__tn__=q&amp;c[0]=AT0mJ6jKckti_IWxKnENnyRq8OtGzt3RSwp2l3H80Cym3UGy1drMtAaMWFlAJjLKjOTqvSrsVte8LghizWetVaBSBeDSRCzOvvrcZVVdEGfXkK2EeBt6TCcnxyj243GMbEZK-54P20zmi-QZd1eE7OEsk95m\" target=\"_blank\">https:\/\/bit.ly\/3m68JVj<\/a><\/p>\n\n\n\n<p>.<\/p>\n\n\n\n<p><img loading=\"lazy\" decoding=\"async\" height=\"16\" width=\"16\" alt=\"\ud83d\udc68\u200d\ud83c\udfeb\" src=\"https:\/\/static.xx.fbcdn.net\/images\/emoji.php\/v9\/tb5\/1\/16\/1f468_200d_1f3eb.png\">Ponente:<br>Mg. Miguel Angel Carrera Mu\u00f1oz<br>Bi\u00f3logo por la Universidad Nacional de Trujillo, cuenta con Grado Acad\u00e9mico de Maestro en Ciencias con Menci\u00f3n en Gesti\u00f3n Ambiental, Coordinador de Servicios Periciales del Ministerio P\u00fablico, as\u00ed mismo ejerce docencia a nivel superior como Docente Asociado en la Academia de la Magistratura dictando cursos de Criminal\u00edstica y Metodolog\u00eda de Investigaci\u00f3n de la Escena del Crimen.<\/p>\n","protected":false},"excerpt":{"rendered":"<p>Participa de nuestra Charla Informativa: \u00abDesaf\u00edos y tendencias como aporte a la justicia ambiental en el pa\u00eds\u00bb . Transmisi\u00f3n v\u00eda Zoom y Facebook Live . &nbsp;Reg\u00edstrate aqu\u00ed para recibir el link de la transmisi\u00f3n:&nbsp;https:\/\/bit.ly\/3m68JVj . Ponente:Mg. Miguel Angel Carrera Mu\u00f1ozBi\u00f3logo por la Universidad Nacional de Trujillo, cuenta con Grado Acad\u00e9mico de Maestro en Ciencias con [&hellip;]<\/p>\n","protected":false},"featured_media":0,"parent":0,"template":"","categoria-eventos":[17,44],"class_list":["post-2804","evento","type-evento","status-publish","hentry","categoria-eventos-videoconferencias","categoria-eventos-webinar-gratuito"],"custom_fields_data":{"inline_featured_image":["0"],"hcf_post_fecha":["2023-03-14"],"hcf_post_timeI":["19:00"],"hcf_post_timeF":[""],"hcf_post_lugar":["Escuela de Posgrado Norbert Wiener - Facebook Live"],"hcf_post_ingreso":[""],"hcf_post_recomendados":[""],"hcf_post_anexos":[""],"hcf_post_email":[""],"hcf_post_url_face":["https:\/\/www.facebook.com\/events\/599725558287334"],"hcf_fecha_blog":[""],"hcf_destacado_blog":[""],"hcf_imagenes":["a:0:{}"],"hcf_thumb_500":["https:\/\/posgrado.uwiener.edu.pe\/actividades\/wp-content\/uploads\/2023\/03\/500x82-86.jpg"],"hcf_thumb_1600":["https:\/\/posgrado.uwiener.edu.pe\/actividades\/wp-content\/uploads\/2023\/03\/1920x314-85.jpg"],"hcf_destacada":["https:\/\/posgrado.uwiener.edu.pe\/actividades\/wp-content\/uploads\/2023\/03\/1200x628-89.jpg"],"_edit_lock":["1679693720:4"],"_edit_last":["4"],"rank_math_og_content_image":["a:2:{s:5:\"check\";s:32:\"9b9b68b50d6ce9edd3b80b426ea44b13\";s:6:\"images\";a:0:{}}"],"rank_math_internal_links_processed":["1"]},"_links":{"self":[{"href":"https:\/\/posgrado.uwiener.edu.pe\/actividades\/wp-json\/wp\/v2\/evento\/2804"}],"collection":[{"href":"https:\/\/posgrado.uwiener.edu.pe\/actividades\/wp-json\/wp\/v2\/evento"}],"about":[{"href":"https:\/\/posgrado.uwiener.edu.pe\/actividades\/wp-json\/wp\/v2\/types\/evento"}],"wp:attachment":[{"href":"https:\/\/posgrado.uwiener.edu.pe\/actividades\/wp-json\/wp\/v2\/media?parent=2804"}],"wp:term":[{"taxonomy":"categoria-eventos","embeddable":true,"href":"https:\/\/posgrado.uwiener.edu.pe\/actividades\/wp-json\/wp\/v2\/categoria-eventos?post=2804"}],"curies":[{"name":"wp","href":"https:\/\/api.w.org\/{rel}","templated":true}]}}