
{"id":2919,"date":"2023-03-16T19:08:13","date_gmt":"2023-03-17T00:08:13","guid":{"rendered":"https:\/\/posgrado.uwiener.edu.pe\/actividades\/?post_type=evento&#038;p=2919"},"modified":"2023-03-24T14:09:24","modified_gmt":"2023-03-24T19:09:24","slug":"la-criminalistica-en-la-investigacion-forense-de-muertes-violentas","status":"publish","type":"evento","link":"https:\/\/posgrado.uwiener.edu.pe\/actividades\/evento\/la-criminalistica-en-la-investigacion-forense-de-muertes-violentas\/","title":{"rendered":"La Criminal\u00edstica en la Investigaci\u00f3n Forense de Muertes Violentas"},"content":{"rendered":"\n<p>.<\/p>\n\n\n\n<p><img loading=\"lazy\" decoding=\"async\" height=\"16\" width=\"16\" alt=\"\ud83d\udca1\" src=\"https:\/\/static.xx.fbcdn.net\/images\/emoji.php\/v9\/t3c\/1\/16\/1f4a1.png\">Participa de nuestro Webinar: \u00abLa Criminal\u00edstica en la Investigaci\u00f3n Forense de Muertes Violentas\u00bb<\/p>\n\n\n\n<p>.<\/p>\n\n\n\n<p><img loading=\"lazy\" decoding=\"async\" height=\"16\" width=\"16\" alt=\"\u2705\" src=\"https:\/\/static.xx.fbcdn.net\/images\/emoji.php\/v9\/t33\/1\/16\/2705.png\">Transmisi\u00f3n v\u00eda Zoom y Facebook Live.<\/p>\n\n\n\n<p>.<\/p>\n\n\n\n<p><img loading=\"lazy\" decoding=\"async\" height=\"16\" width=\"16\" alt=\"\ud83d\udc49\" src=\"https:\/\/static.xx.fbcdn.net\/images\/emoji.php\/v9\/t51\/1\/16\/1f449.png\">&nbsp;Reg\u00edstrate aqu\u00ed para recibir el link de la transmisi\u00f3n:&nbsp;<a rel=\"noreferrer noopener\" href=\"https:\/\/bit.ly\/3YNVhTl?fbclid=IwAR075QmbgUfqdzDSO6GU_sbgTJS9jy2-L0OpNeMTdod5Hc9akw3THOgGoTY\" target=\"_blank\">https:\/\/bit.ly\/3YNVhTl<\/a><\/p>\n\n\n\n<p>.<\/p>\n\n\n\n<p><img loading=\"lazy\" decoding=\"async\" height=\"16\" width=\"16\" alt=\"\ud83d\udc68\u200d\ud83c\udfeb\" src=\"https:\/\/static.xx.fbcdn.net\/images\/emoji.php\/v9\/tb5\/1\/16\/1f468_200d_1f3eb.png\">Ponente:<br>Dr. Jos\u00e9 Luis Pacheco De La Cruz<br>M\u00e9dico especialista en Medicina Legal. Docente de la Universidad Privada Norbert Wiener. Ex Gerente de Criminal\u00edstica del Ministerio P\u00fablico y actual Presidente del Comit\u00e9 de Expertos del proceso de certificaci\u00f3n de peritos del Instituto de Medicina Legal y Ciencias Forenses.<\/p>\n","protected":false},"excerpt":{"rendered":"<p>. Participa de nuestro Webinar: \u00abLa Criminal\u00edstica en la Investigaci\u00f3n Forense de Muertes Violentas\u00bb . Transmisi\u00f3n v\u00eda Zoom y Facebook Live. . &nbsp;Reg\u00edstrate aqu\u00ed para recibir el link de la transmisi\u00f3n:&nbsp;https:\/\/bit.ly\/3YNVhTl . Ponente:Dr. Jos\u00e9 Luis Pacheco De La CruzM\u00e9dico especialista en Medicina Legal. Docente de la Universidad Privada Norbert Wiener. Ex Gerente de Criminal\u00edstica del [&hellip;]<\/p>\n","protected":false},"featured_media":0,"parent":0,"template":"","categoria-eventos":[],"class_list":["post-2919","evento","type-evento","status-publish","hentry"],"custom_fields_data":{"inline_featured_image":["0"],"hcf_post_fecha":["2023-03-21"],"hcf_post_timeI":["19:00"],"hcf_post_timeF":[""],"hcf_post_lugar":["Escuela de Posgrado Norbert Wiener - Facebook Live"],"hcf_post_ingreso":[""],"hcf_post_recomendados":[""],"hcf_post_anexos":[""],"hcf_post_email":[""],"hcf_post_url_face":["https:\/\/www.facebook.com\/events\/3393904994159193"],"hcf_fecha_blog":[""],"hcf_destacado_blog":[""],"hcf_imagenes":["a:0:{}"],"hcf_thumb_500":["https:\/\/posgrado.uwiener.edu.pe\/actividades\/wp-content\/uploads\/2023\/03\/500x82-3.jpg"],"hcf_thumb_1600":["https:\/\/posgrado.uwiener.edu.pe\/actividades\/wp-content\/uploads\/2023\/03\/1920x314-3.jpg"],"hcf_destacada":["https:\/\/posgrado.uwiener.edu.pe\/actividades\/wp-content\/uploads\/2023\/03\/1200x628-3.jpg"],"_edit_lock":["1679684965:4"],"_edit_last":["4"],"rank_math_og_content_image":["a:2:{s:5:\"check\";s:32:\"43bac3367bf433053345e45f6a343bc6\";s:6:\"images\";a:0:{}}"],"rank_math_internal_links_processed":["1"]},"_links":{"self":[{"href":"https:\/\/posgrado.uwiener.edu.pe\/actividades\/wp-json\/wp\/v2\/evento\/2919"}],"collection":[{"href":"https:\/\/posgrado.uwiener.edu.pe\/actividades\/wp-json\/wp\/v2\/evento"}],"about":[{"href":"https:\/\/posgrado.uwiener.edu.pe\/actividades\/wp-json\/wp\/v2\/types\/evento"}],"wp:attachment":[{"href":"https:\/\/posgrado.uwiener.edu.pe\/actividades\/wp-json\/wp\/v2\/media?parent=2919"}],"wp:term":[{"taxonomy":"categoria-eventos","embeddable":true,"href":"https:\/\/posgrado.uwiener.edu.pe\/actividades\/wp-json\/wp\/v2\/categoria-eventos?post=2919"}],"curies":[{"name":"wp","href":"https:\/\/api.w.org\/{rel}","templated":true}]}}