
{"id":3066,"date":"2023-04-26T15:34:37","date_gmt":"2023-04-26T20:34:37","guid":{"rendered":"https:\/\/posgrado.uwiener.edu.pe\/actividades\/?post_type=evento&#038;p=3066"},"modified":"2023-04-26T19:16:29","modified_gmt":"2023-04-27T00:16:29","slug":"charla-informativa-maestria-en-ciencias-de-enfermeria-2","status":"publish","type":"evento","link":"https:\/\/posgrado.uwiener.edu.pe\/actividades\/evento\/charla-informativa-maestria-en-ciencias-de-enfermeria-2\/","title":{"rendered":"Charla Informativa: \u00abMaestr\u00eda en Ciencias de Enfermer\u00eda\u00bb"},"content":{"rendered":"\n<p><img loading=\"lazy\" decoding=\"async\" height=\"16\" width=\"16\" alt=\"\ud83d\udca1\" src=\"https:\/\/static.xx.fbcdn.net\/images\/emoji.php\/v9\/t3c\/1\/16\/1f4a1.png\">Participa de nuestra Charla Informativa: \u00abEn el marco de la admisi\u00f3n 2023 -II para la Maestr\u00eda en Ciencias de Enfermer\u00eda con menci\u00f3n en Gerencia de los Cuidados de Enfermer\u00eda\u00bb<\/p>\n\n\n\n<p>.<\/p>\n\n\n\n<p><img loading=\"lazy\" decoding=\"async\" height=\"16\" width=\"16\" alt=\"\u2705\" src=\"https:\/\/static.xx.fbcdn.net\/images\/emoji.php\/v9\/t33\/1\/16\/2705.png\">Transmisi\u00f3n v\u00eda Zoom y Facebook Live<\/p>\n\n\n\n<p>.<\/p>\n\n\n\n<p><img loading=\"lazy\" decoding=\"async\" height=\"16\" width=\"16\" alt=\"\ud83d\udc49\" src=\"https:\/\/static.xx.fbcdn.net\/images\/emoji.php\/v9\/t51\/1\/16\/1f449.png\">\u00a0Reg\u00edstrate aqu\u00ed para recibir el link de la transmisi\u00f3n:\u00a0<a rel=\"noreferrer noopener\" href=\"https:\/\/l.facebook.com\/l.php?u=https%3A%2F%2Fbit.ly%2F444aaVD%3Ffbclid%3DIwAR2jsCgA-H0_uGW1F2G_y9CB0rXkwFp00OHooJQtPDqwXYpqOINoipAF-Io&amp;h=AT32hmAM7QIluAeJa9OlYv7MOgowRsQMzah2KRjadER1pupkvRafqfR0tLAz-uvizjlZUdHTs89BW2Ir1yC1APjh887CGfM1kjzL8LTtl8xCqzPwn0U2KsdB7Qw2xdaHmgqhhFRp0YqfL_SAdQ&amp;__tn__=q&amp;c[0]=AT2XH8Ght-CUxxQiLnuuYHm39LQtbuPgstcQ4LK5SSnTJLHhhy6fakbQHi_tshZ9xC1vXg5oO9OP2Fi2QKmHCbnbCs7s8Dovr1_rWkGNrxksksWMsOjCw2qRI668MEPABMLqtecsgHMdYcuAfLCxKnEc2rlG\" target=\"_blank\">https:\/\/bit.ly\/444aaVD<\/a><\/p>\n\n\n\n<p>.<\/p>\n\n\n\n<p><img loading=\"lazy\" decoding=\"async\" height=\"16\" width=\"16\" alt=\"\ud83d\udc68\u200d\ud83c\udfeb\" src=\"https:\/\/static.xx.fbcdn.net\/images\/emoji.php\/v9\/tb5\/1\/16\/1f468_200d_1f3eb.png\">Ponente:<br>Anika Remuzgo<br>Coordinadora acad\u00e9mica de la Maestr\u00eda en Ciencias de Enfermer\u00eda<br>Enferma especialista en emergencia y desastre<\/p>\n","protected":false},"excerpt":{"rendered":"<p>Participa de nuestra Charla Informativa: \u00abEn el marco de la admisi\u00f3n 2023 -II para la Maestr\u00eda en Ciencias de Enfermer\u00eda con menci\u00f3n en Gerencia de los Cuidados de Enfermer\u00eda\u00bb . Transmisi\u00f3n v\u00eda Zoom y Facebook Live . \u00a0Reg\u00edstrate aqu\u00ed para recibir el link de la transmisi\u00f3n:\u00a0https:\/\/bit.ly\/444aaVD . Ponente:Anika RemuzgoCoordinadora acad\u00e9mica de la Maestr\u00eda en Ciencias [&hellip;]<\/p>\n","protected":false},"featured_media":0,"parent":0,"template":"","categoria-eventos":[17,44],"class_list":["post-3066","evento","type-evento","status-publish","hentry","categoria-eventos-videoconferencias","categoria-eventos-webinar-gratuito"],"custom_fields_data":{"inline_featured_image":["0"],"hcf_post_fecha":["2023-05-09"],"hcf_post_timeI":["18:00"],"hcf_post_timeF":["19:00"],"hcf_post_lugar":["Escuela de Posgrado Norbert Wiener - Facebook Live"],"hcf_post_ingreso":[""],"hcf_post_recomendados":[""],"hcf_post_anexos":[""],"hcf_post_email":[""],"hcf_post_url_face":["https:\/\/www.facebook.com\/events\/1918633515141561"],"hcf_fecha_blog":[""],"hcf_destacado_blog":[""],"hcf_imagenes":["a:0:{}"],"hcf_thumb_500":["https:\/\/posgrado.uwiener.edu.pe\/actividades\/wp-content\/uploads\/2023\/04\/500x82-2023-04-26T191545.330.jpg"],"hcf_thumb_1600":["https:\/\/posgrado.uwiener.edu.pe\/actividades\/wp-content\/uploads\/2023\/04\/1920x314-100.jpg"],"hcf_destacada":["https:\/\/posgrado.uwiener.edu.pe\/actividades\/wp-content\/uploads\/2023\/04\/1200x628-2023-04-26T191542.373.jpg"],"_edit_lock":["1683390724:4"],"_edit_last":["4"],"rank_math_og_content_image":["a:2:{s:5:\"check\";s:32:\"2e540c798342320facabf4d316675895\";s:6:\"images\";a:0:{}}"],"rank_math_internal_links_processed":["1"]},"_links":{"self":[{"href":"https:\/\/posgrado.uwiener.edu.pe\/actividades\/wp-json\/wp\/v2\/evento\/3066"}],"collection":[{"href":"https:\/\/posgrado.uwiener.edu.pe\/actividades\/wp-json\/wp\/v2\/evento"}],"about":[{"href":"https:\/\/posgrado.uwiener.edu.pe\/actividades\/wp-json\/wp\/v2\/types\/evento"}],"wp:attachment":[{"href":"https:\/\/posgrado.uwiener.edu.pe\/actividades\/wp-json\/wp\/v2\/media?parent=3066"}],"wp:term":[{"taxonomy":"categoria-eventos","embeddable":true,"href":"https:\/\/posgrado.uwiener.edu.pe\/actividades\/wp-json\/wp\/v2\/categoria-eventos?post=3066"}],"curies":[{"name":"wp","href":"https:\/\/api.w.org\/{rel}","templated":true}]}}