
{"id":3089,"date":"2023-05-06T10:53:38","date_gmt":"2023-05-06T15:53:38","guid":{"rendered":"https:\/\/posgrado.uwiener.edu.pe\/actividades\/?post_type=evento&#038;p=3089"},"modified":"2023-05-10T17:58:31","modified_gmt":"2023-05-10T22:58:31","slug":"conoce-mas-sobre-la-maestria-en-gestion-publica-y-gobernabilidad","status":"publish","type":"evento","link":"https:\/\/posgrado.uwiener.edu.pe\/actividades\/evento\/conoce-mas-sobre-la-maestria-en-gestion-publica-y-gobernabilidad\/","title":{"rendered":"Charla Informativa: \u00abGesti\u00f3n P\u00fablica y Gobernabilidad\u00bb"},"content":{"rendered":"\n<p><img loading=\"lazy\" decoding=\"async\" height=\"16\" width=\"16\" alt=\"\ud83d\udca1\" src=\"https:\/\/static.xx.fbcdn.net\/images\/emoji.php\/v9\/t3c\/1\/16\/1f4a1.png\">Participa de nuestra Charla Informativa: \u00abConoce m\u00e1s sobre la Maestr\u00eda en Gesti\u00f3n P\u00fablica y Gobernabilidad\u00bb<\/p>\n\n\n\n<p>.<\/p>\n\n\n\n<p><img loading=\"lazy\" decoding=\"async\" height=\"16\" width=\"16\" alt=\"\u2705\" src=\"https:\/\/static.xx.fbcdn.net\/images\/emoji.php\/v9\/t33\/1\/16\/2705.png\">Transmisi\u00f3n v\u00eda Zoom y Facebook Live.<\/p>\n\n\n\n<p>.<\/p>\n\n\n\n<p><img loading=\"lazy\" decoding=\"async\" height=\"16\" width=\"16\" alt=\"\ud83d\udc49\" src=\"https:\/\/static.xx.fbcdn.net\/images\/emoji.php\/v9\/t51\/1\/16\/1f449.png\">&nbsp;Reg\u00edstrate aqu\u00ed para recibir el link de la transmisi\u00f3n:&nbsp;<a rel=\"noreferrer noopener\" href=\"https:\/\/bit.ly\/423WBEn?fbclid=IwAR0OqbeNB-G9ySB-00hBwsCoeFliNVJIRBS_GKHO34zFn8-8XZwrjC0n8eo\" target=\"_blank\">https:\/\/bit.ly\/423WBEn<\/a><\/p>\n\n\n\n<p>.<\/p>\n\n\n\n<p><img loading=\"lazy\" decoding=\"async\" height=\"16\" width=\"16\" alt=\"\ud83d\udc68\u200d\ud83c\udfeb\" src=\"https:\/\/static.xx.fbcdn.net\/images\/emoji.php\/v9\/tb5\/1\/16\/1f468_200d_1f3eb.png\">Ponente:<br>Gloria Noriega Monar<br>Abogada Especialista en Derecho Corporativo<br>Coordinadora Acad\u00e9mica de la Maestr\u00eda en Gesti\u00f3n P\u00fablica y Gobernabilidad<\/p>\n\n\n\n<p><\/p>\n","protected":false},"excerpt":{"rendered":"<p>Participa de nuestra Charla Informativa: \u00abConoce m\u00e1s sobre la Maestr\u00eda en Gesti\u00f3n P\u00fablica y Gobernabilidad\u00bb . Transmisi\u00f3n v\u00eda Zoom y Facebook Live. . &nbsp;Reg\u00edstrate aqu\u00ed para recibir el link de la transmisi\u00f3n:&nbsp;https:\/\/bit.ly\/423WBEn . Ponente:Gloria Noriega MonarAbogada Especialista en Derecho CorporativoCoordinadora Acad\u00e9mica de la Maestr\u00eda en Gesti\u00f3n P\u00fablica y Gobernabilidad<\/p>\n","protected":false},"featured_media":0,"parent":0,"template":"","categoria-eventos":[17,44],"class_list":["post-3089","evento","type-evento","status-publish","hentry","categoria-eventos-videoconferencias","categoria-eventos-webinar-gratuito"],"custom_fields_data":{"inline_featured_image":["0"],"hcf_post_fecha":["2023-05-11"],"hcf_post_timeI":["19:00"],"hcf_post_timeF":[""],"hcf_post_lugar":["Escuela de Posgrado Norbert Wiener - Facebook Live"],"hcf_post_ingreso":[""],"hcf_post_recomendados":[""],"hcf_post_anexos":[""],"hcf_post_email":[""],"hcf_post_url_face":["https:\/\/www.facebook.com\/events\/581242354110043"],"hcf_fecha_blog":[""],"hcf_destacado_blog":[""],"hcf_imagenes":["a:0:{}"],"hcf_thumb_500":["https:\/\/posgrado.uwiener.edu.pe\/actividades\/wp-content\/uploads\/2023\/05\/500x82-7.jpg"],"hcf_thumb_1600":["https:\/\/posgrado.uwiener.edu.pe\/actividades\/wp-content\/uploads\/2023\/05\/1920x314-7.jpg"],"hcf_destacada":["https:\/\/posgrado.uwiener.edu.pe\/actividades\/wp-content\/uploads\/2023\/05\/1200x628-7.jpg"],"_edit_lock":["1683759512:4"],"_edit_last":["4"],"rank_math_og_content_image":["a:2:{s:5:\"check\";s:32:\"944936c3e5526f6f0861ccee4fbdc9b2\";s:6:\"images\";a:0:{}}"],"rank_math_internal_links_processed":["1"]},"_links":{"self":[{"href":"https:\/\/posgrado.uwiener.edu.pe\/actividades\/wp-json\/wp\/v2\/evento\/3089"}],"collection":[{"href":"https:\/\/posgrado.uwiener.edu.pe\/actividades\/wp-json\/wp\/v2\/evento"}],"about":[{"href":"https:\/\/posgrado.uwiener.edu.pe\/actividades\/wp-json\/wp\/v2\/types\/evento"}],"wp:attachment":[{"href":"https:\/\/posgrado.uwiener.edu.pe\/actividades\/wp-json\/wp\/v2\/media?parent=3089"}],"wp:term":[{"taxonomy":"categoria-eventos","embeddable":true,"href":"https:\/\/posgrado.uwiener.edu.pe\/actividades\/wp-json\/wp\/v2\/categoria-eventos?post=3089"}],"curies":[{"name":"wp","href":"https:\/\/api.w.org\/{rel}","templated":true}]}}