
{"id":3212,"date":"2023-06-08T16:29:25","date_gmt":"2023-06-08T21:29:25","guid":{"rendered":"https:\/\/posgrado.uwiener.edu.pe\/actividades\/?post_type=evento&#038;p=3212"},"modified":"2023-06-08T16:29:26","modified_gmt":"2023-06-08T21:29:26","slug":"introduccion-a-la-higiene-ocupacional-y-las-metodologias-de-evaluacion","status":"publish","type":"evento","link":"https:\/\/posgrado.uwiener.edu.pe\/actividades\/evento\/introduccion-a-la-higiene-ocupacional-y-las-metodologias-de-evaluacion\/","title":{"rendered":"Introducci\u00f3n a la higiene ocupacional y las metodolog\u00edas de evaluaci\u00f3n"},"content":{"rendered":"\n<p><img loading=\"lazy\" decoding=\"async\" height=\"16\" width=\"16\" alt=\"\ud83d\udca1\" src=\"https:\/\/static.xx.fbcdn.net\/images\/emoji.php\/v9\/t3c\/1\/16\/1f4a1.png\">Participa de nuestro Webinar: \u00abIntroducci\u00f3n a la higiene ocupacional y las metodolog\u00edas de evaluaci\u00f3n\u00bb<\/p>\n\n\n\n<p>.<\/p>\n\n\n\n<p><img loading=\"lazy\" decoding=\"async\" height=\"16\" width=\"16\" alt=\"\u2705\" src=\"https:\/\/static.xx.fbcdn.net\/images\/emoji.php\/v9\/t33\/1\/16\/2705.png\">Transmisi\u00f3n v\u00eda Zoom y Facebook Live.<\/p>\n\n\n\n<p>.<\/p>\n\n\n\n<p><img loading=\"lazy\" decoding=\"async\" height=\"16\" width=\"16\" alt=\"\ud83d\udc49\" src=\"https:\/\/static.xx.fbcdn.net\/images\/emoji.php\/v9\/t51\/1\/16\/1f449.png\">\u00a0Reg\u00edstrate aqu\u00ed para recibir el link de la transmisi\u00f3n:\u00a0<a rel=\"noreferrer noopener\" href=\"https:\/\/acortar.link\/GSGACD?fbclid=IwAR1PaT6_Z-nKJsQfXwAaFM-OwYUfvHnW44FqQhw-pqJH-xTFR2vZbFt7m8Y\" target=\"_blank\">https:\/\/acortar.link\/GSGACD<\/a><\/p>\n\n\n\n<p>.<\/p>\n\n\n\n<p><img loading=\"lazy\" decoding=\"async\" height=\"16\" width=\"16\" alt=\"\ud83d\udc68\u200d\ud83c\udfeb\" src=\"https:\/\/static.xx.fbcdn.net\/images\/emoji.php\/v9\/tb5\/1\/16\/1f468_200d_1f3eb.png\">Ponente:<br>Mg. Roy Villacorta Maldonado<br>Ingeniero. Magister en Higiene Ocupacional de la Universidad Polit\u00e9cnica de Catalu\u00f1a. Experto T\u00e9cnico del Instituto Nacional de la Calidad (INACAL) en las magnitudes de iluminaci\u00f3n en puestos de trabajo, ruido ocupacional, vibraciones y radiaciones. Auditor de SST registrado del Ministerio de Trabajo. Gerente en Occupational Higiene Laboratory SAC.<\/p>\n","protected":false},"excerpt":{"rendered":"<p>Participa de nuestro Webinar: \u00abIntroducci\u00f3n a la higiene ocupacional y las metodolog\u00edas de evaluaci\u00f3n\u00bb . Transmisi\u00f3n v\u00eda Zoom y Facebook Live. . \u00a0Reg\u00edstrate aqu\u00ed para recibir el link de la transmisi\u00f3n:\u00a0https:\/\/acortar.link\/GSGACD . Ponente:Mg. Roy Villacorta MaldonadoIngeniero. Magister en Higiene Ocupacional de la Universidad Polit\u00e9cnica de Catalu\u00f1a. Experto T\u00e9cnico del Instituto Nacional de la Calidad (INACAL) [&hellip;]<\/p>\n","protected":false},"featured_media":0,"parent":0,"template":"","categoria-eventos":[17,44],"class_list":["post-3212","evento","type-evento","status-publish","hentry","categoria-eventos-videoconferencias","categoria-eventos-webinar-gratuito"],"custom_fields_data":{"inline_featured_image":["0"],"hcf_post_fecha":["2023-06-21"],"hcf_post_timeI":["19:00"],"hcf_post_timeF":[""],"hcf_post_lugar":["Escuela de Posgrado Norbert Wiener - Facebook Live"],"hcf_post_ingreso":[""],"hcf_post_recomendados":[""],"hcf_post_anexos":[""],"hcf_post_email":[""],"hcf_post_url_face":["https:\/\/www.facebook.com\/events\/1012299816848090"],"hcf_fecha_blog":[""],"hcf_destacado_blog":[""],"hcf_imagenes":["a:0:{}"],"hcf_thumb_500":["https:\/\/posgrado.uwiener.edu.pe\/actividades\/wp-content\/uploads\/2023\/06\/500x82-19-1.jpg"],"hcf_thumb_1600":["https:\/\/posgrado.uwiener.edu.pe\/actividades\/wp-content\/uploads\/2023\/06\/1920x314-18-1.jpg"],"hcf_destacada":["https:\/\/posgrado.uwiener.edu.pe\/actividades\/wp-content\/uploads\/2023\/06\/1200x628-18-1.jpg"],"_edit_lock":["1686259767:4"],"_edit_last":["4"],"rank_math_og_content_image":["a:2:{s:5:\"check\";s:32:\"533e26a6afae5426335624c9321fc258\";s:6:\"images\";a:0:{}}"],"rank_math_internal_links_processed":["1"]},"_links":{"self":[{"href":"https:\/\/posgrado.uwiener.edu.pe\/actividades\/wp-json\/wp\/v2\/evento\/3212"}],"collection":[{"href":"https:\/\/posgrado.uwiener.edu.pe\/actividades\/wp-json\/wp\/v2\/evento"}],"about":[{"href":"https:\/\/posgrado.uwiener.edu.pe\/actividades\/wp-json\/wp\/v2\/types\/evento"}],"wp:attachment":[{"href":"https:\/\/posgrado.uwiener.edu.pe\/actividades\/wp-json\/wp\/v2\/media?parent=3212"}],"wp:term":[{"taxonomy":"categoria-eventos","embeddable":true,"href":"https:\/\/posgrado.uwiener.edu.pe\/actividades\/wp-json\/wp\/v2\/categoria-eventos?post=3212"}],"curies":[{"name":"wp","href":"https:\/\/api.w.org\/{rel}","templated":true}]}}