
{"id":3736,"date":"2024-02-23T09:46:33","date_gmt":"2024-02-23T14:46:33","guid":{"rendered":"https:\/\/posgrado.uwiener.edu.pe\/actividades\/?post_type=evento&#038;p=3736"},"modified":"2024-03-01T16:08:06","modified_gmt":"2024-03-01T21:08:06","slug":"charla-informativa-maestria-de-gestion-en-salud-4","status":"publish","type":"evento","link":"https:\/\/posgrado.uwiener.edu.pe\/actividades\/evento\/charla-informativa-maestria-de-gestion-en-salud-4\/","title":{"rendered":"Charla Informativa: Maestr\u00eda de Gesti\u00f3n en Salud"},"content":{"rendered":"\n<p>Participa de nuestra charla Informativa de Maestr\u00eda de Gesti\u00f3n en Salud \u00abConoce sobre ruta de aprendizaje, malla curricular, certificaciones, proceso de admisi\u00f3n e inversi\u00f3n econ\u00f3mica\u00bb<\/p>\n\n\n\n<p>Transmisi\u00f3n v\u00eda Zoom y Facebook Live<\/p>\n\n\n\n<p>Reg\u00edstrate aqu\u00ed para recibir el link de la transmisi\u00f3n: <a href=\"https:\/\/acortar.link\/BgdXaG\" target=\"_blank\" rel=\"noopener\">https:\/\/acortar.link\/BgdXaG<\/a><\/p>\n\n\n\n<p>Dr. Fernando Diaz del Olmo<\/p>\n\n\n\n<p>Coordinador Acad\u00e9mica de la Maestr\u00eda de Gesti\u00f3n en Salud<\/p>\n","protected":false},"excerpt":{"rendered":"<p>Participa de nuestra charla Informativa de Maestr\u00eda de Gesti\u00f3n en Salud \u00abConoce sobre ruta de aprendizaje, malla curricular, certificaciones, proceso de admisi\u00f3n e inversi\u00f3n econ\u00f3mica\u00bb Transmisi\u00f3n v\u00eda Zoom y Facebook Live Reg\u00edstrate aqu\u00ed para recibir el link de la transmisi\u00f3n: https:\/\/acortar.link\/BgdXaG Dr. Fernando Diaz del Olmo Coordinador Acad\u00e9mica de la Maestr\u00eda de Gesti\u00f3n en Salud<\/p>\n","protected":false},"featured_media":0,"parent":0,"template":"","categoria-eventos":[17,44],"class_list":["post-3736","evento","type-evento","status-publish","hentry","categoria-eventos-videoconferencias","categoria-eventos-webinar-gratuito"],"custom_fields_data":{"inline_featured_image":["0"],"hcf_post_fecha":["2024-02-28"],"hcf_post_timeI":["19:00"],"hcf_post_timeF":["20:00"],"hcf_post_lugar":["Escuela de Posgrado Norbert Wiener"],"hcf_post_ingreso":[""],"hcf_post_recomendados":[""],"hcf_post_anexos":[""],"hcf_post_email":[""],"hcf_post_url_face":["https:\/\/web.facebook.com\/PosgradoWiener\/videos\/414535264398122"],"hcf_fecha_blog":[""],"hcf_destacado_blog":[""],"hcf_imagenes":["a:0:{}"],"hcf_thumb_500":["https:\/\/posgrado.uwiener.edu.pe\/actividades\/wp-content\/uploads\/2024\/02\/500x82-1.jpg"],"hcf_thumb_1600":["https:\/\/posgrado.uwiener.edu.pe\/actividades\/wp-content\/uploads\/2024\/02\/1920x314-1.jpg"],"hcf_destacada":["https:\/\/posgrado.uwiener.edu.pe\/actividades\/wp-content\/uploads\/2024\/02\/1200x628-1.jpg"],"_edit_lock":["1709327287:5"],"_edit_last":["5"],"rank_math_internal_links_processed":["1"]},"_links":{"self":[{"href":"https:\/\/posgrado.uwiener.edu.pe\/actividades\/wp-json\/wp\/v2\/evento\/3736"}],"collection":[{"href":"https:\/\/posgrado.uwiener.edu.pe\/actividades\/wp-json\/wp\/v2\/evento"}],"about":[{"href":"https:\/\/posgrado.uwiener.edu.pe\/actividades\/wp-json\/wp\/v2\/types\/evento"}],"wp:attachment":[{"href":"https:\/\/posgrado.uwiener.edu.pe\/actividades\/wp-json\/wp\/v2\/media?parent=3736"}],"wp:term":[{"taxonomy":"categoria-eventos","embeddable":true,"href":"https:\/\/posgrado.uwiener.edu.pe\/actividades\/wp-json\/wp\/v2\/categoria-eventos?post=3736"}],"curies":[{"name":"wp","href":"https:\/\/api.w.org\/{rel}","templated":true}]}}