
{"id":3797,"date":"2024-04-12T14:52:51","date_gmt":"2024-04-12T19:52:51","guid":{"rendered":"https:\/\/posgrado.uwiener.edu.pe\/actividades\/?post_type=evento&#038;p=3797"},"modified":"2024-04-19T20:17:37","modified_gmt":"2024-04-20T01:17:37","slug":"webinar-la-importancia-de-la-humanizacion-en-los-servicios-de-salud","status":"publish","type":"evento","link":"https:\/\/posgrado.uwiener.edu.pe\/actividades\/evento\/webinar-la-importancia-de-la-humanizacion-en-los-servicios-de-salud\/","title":{"rendered":"Webinar de la segunda especialidad en Enfermer\u00eda en Cuidados Intensivos"},"content":{"rendered":"\n<p>Participa del webinar gratuito de la segunda especialidad en Enfermer\u00eda en Cuidados Intensivos.<\/p>\n\n\n\n<p>Transmisi\u00f3n v\u00eda Zoom y Facebook Live<\/p>\n\n\n\n<p>Reg\u00edstrate aqu\u00ed para recibir el link de la transmisi\u00f3n:&nbsp;<a href=\"https:\/\/acortar.link\/LTdOvL\" target=\"_blank\" rel=\"noopener\">https:\/\/acortar.link\/LTdOvL<\/a><\/p>\n\n\n\n<ul class=\"wp-block-list\">\n<li><strong>Tema 1: La Importancia de la Humanizaci\u00f3n en los Servicios de Salud<\/strong>\n<ul class=\"wp-block-list\">\n<li><em>Hora: 05:00 p.m.<\/em><\/li>\n\n\n\n<li><em>Ponente: Humberto Fonseca Cordero \u2013 Costa Rica<\/em><\/li>\n\n\n\n<li><em>M\u00e1ster en Enfermer\u00eda Cr\u00edtica. M\u00e1ster en Gerencia de Enfermer\u00eda.&nbsp;Decano de Enfermer\u00eda de la Universidad de Iberoam\u00e9rica &#8211; UNIBE. Vicepresidente de la Federaci\u00f3n Latinoamericana de Enfermer\u00eda en Cuidados Intensivos \u2013 FLECI. Presidente de la Asociaci\u00f3n Costarricense de Enfermer\u00eda Cr\u00edtica. Supervisor de Enfermer\u00eda de la Unidad de Cuidados Intensivos del Hospital M\u00e9xico, San Jos\u00e9 -Costa Rica. Catedr\u00e1tico universitario de la Universidad de Iberoam\u00e9rica, UNIBE.<\/em><\/li>\n<\/ul>\n<\/li>\n<\/ul>\n\n\n\n<ul class=\"wp-block-list\">\n<li><strong>Tema 2: <\/strong> <strong>Abordaje del Trauma en Unidades de Cuidados Cr\u00edticos<\/strong>\n<ul class=\"wp-block-list\">\n<li><em>Hora: 06:00 p.m.<\/em><\/li>\n\n\n\n<li><em>Ponente: V\u00edctor Rodriguez Botero, FP-C, CCP-C \u2013 Colombia<\/em><\/li>\n\n\n\n<li><em>Director Acad\u00e9mico del Centro Internacional de Entrenamiento M\u00e9dico DIANCECHT. Especialista en Cuidado Cr\u00edtico y Aeromedicina. Air Medical and Critical Care Specialist. Flight Paramedic Certified FP-C. Critical Care Paramedic Certified CCP-C. Instructor Internacional. Facultado American Heart Association AHA<\/em><\/li>\n<\/ul>\n<\/li>\n<\/ul>\n","protected":false},"excerpt":{"rendered":"<p>Participa del webinar gratuito de la segunda especialidad en Enfermer\u00eda en Cuidados Intensivos. Transmisi\u00f3n v\u00eda Zoom y Facebook Live Reg\u00edstrate aqu\u00ed para recibir el link de la transmisi\u00f3n:&nbsp;https:\/\/acortar.link\/LTdOvL<\/p>\n","protected":false},"featured_media":0,"parent":0,"template":"","categoria-eventos":[17,44],"class_list":["post-3797","evento","type-evento","status-publish","hentry","categoria-eventos-videoconferencias","categoria-eventos-webinar-gratuito"],"custom_fields_data":{"inline_featured_image":["0"],"hcf_post_fecha":["2024-04-19"],"hcf_post_timeI":["17:00"],"hcf_post_timeF":["19:00"],"hcf_post_lugar":["Escuela de Posgrado Norbert Wiener"],"hcf_post_ingreso":[""],"hcf_post_recomendados":[""],"hcf_post_anexos":[""],"hcf_post_email":[""],"hcf_post_url_face":["https:\/\/www.facebook.com\/PosgradoWiener\/videos\/353091217756235"],"hcf_fecha_blog":[""],"hcf_destacado_blog":[""],"hcf_imagenes":["a:0:{}"],"hcf_thumb_500":["https:\/\/posgrado.uwiener.edu.pe\/actividades\/wp-content\/uploads\/2024\/04\/Ccuidados-intensivos_500x82.jpeg"],"hcf_thumb_1600":["https:\/\/posgrado.uwiener.edu.pe\/actividades\/wp-content\/uploads\/2024\/04\/SE_ENF_cuidados_intensivos_1920X314.jpg"],"hcf_destacada":["https:\/\/posgrado.uwiener.edu.pe\/actividades\/wp-content\/uploads\/2024\/04\/SE_ENF_cuidados_intensivos_120x628.jpg"],"_edit_lock":["1713575892:5"],"_edit_last":["5"],"rank_math_internal_links_processed":["1"]},"_links":{"self":[{"href":"https:\/\/posgrado.uwiener.edu.pe\/actividades\/wp-json\/wp\/v2\/evento\/3797"}],"collection":[{"href":"https:\/\/posgrado.uwiener.edu.pe\/actividades\/wp-json\/wp\/v2\/evento"}],"about":[{"href":"https:\/\/posgrado.uwiener.edu.pe\/actividades\/wp-json\/wp\/v2\/types\/evento"}],"wp:attachment":[{"href":"https:\/\/posgrado.uwiener.edu.pe\/actividades\/wp-json\/wp\/v2\/media?parent=3797"}],"wp:term":[{"taxonomy":"categoria-eventos","embeddable":true,"href":"https:\/\/posgrado.uwiener.edu.pe\/actividades\/wp-json\/wp\/v2\/categoria-eventos?post=3797"}],"curies":[{"name":"wp","href":"https:\/\/api.w.org\/{rel}","templated":true}]}}