
{"id":3801,"date":"2024-04-12T14:56:42","date_gmt":"2024-04-12T19:56:42","guid":{"rendered":"https:\/\/posgrado.uwiener.edu.pe\/actividades\/?post_type=evento&#038;p=3801"},"modified":"2024-04-26T09:21:35","modified_gmt":"2024-04-26T14:21:35","slug":"webinar-abordaje-del-trauma-en-unidades-de-cuidados-criticos","status":"publish","type":"evento","link":"https:\/\/posgrado.uwiener.edu.pe\/actividades\/evento\/webinar-abordaje-del-trauma-en-unidades-de-cuidados-criticos\/","title":{"rendered":"Charla informativa: Nutrici\u00f3n Cl\u00ednica con menci\u00f3n en Nutrici\u00f3n Renal"},"content":{"rendered":"\n<p>Participa de la charla informativa de la segunda especialidad en Nutrici\u00f3n Cl\u00ednica con menci\u00f3n en Nutrici\u00f3n Renal \u00ab<strong>Conoce m\u00e1s sobre la segunda especialidad de Nutrici\u00f3n Cl\u00ednica con menci\u00f3n en Nutrici\u00f3n Renal<\/strong>\u00bb.<\/p>\n\n\n\n<p>Transmisi\u00f3n v\u00eda Zoom y Facebook Live<\/p>\n\n\n\n<p>Reg\u00edstrate aqu\u00ed para recibir el link de la transmisi\u00f3n: <a href=\"https:\/\/acortar.link\/TNqkLF\" target=\"_blank\" rel=\"noopener\">https:\/\/acortar.link\/TNqkLF<\/a><\/p>\n\n\n\n<div class=\"wp-block-group is-vertical is-layout-flex wp-container-core-group-is-layout-3 wp-block-group-is-layout-flex\">\n<div class=\"wp-block-group is-vertical is-layout-flex wp-container-core-group-is-layout-2 wp-block-group-is-layout-flex\">\n<div class=\"wp-block-group is-vertical is-layout-flex wp-container-core-group-is-layout-1 wp-block-group-is-layout-flex\">\n<p>Ponente: <\/p>\n\n\n\n<p><strong>EVELYN LUQUE<\/strong><br>Coordinadora de la segunda especialidad de Nutrici\u00f3n Cl\u00ednica con menci\u00f3n en Nutrici\u00f3n Renal<\/p>\n<\/div>\n<\/div>\n<\/div>\n","protected":false},"excerpt":{"rendered":"<p>Participa de la charla informativa de la segunda especialidad en Nutrici\u00f3n Cl\u00ednica con menci\u00f3n en Nutrici\u00f3n Renal \u00abConoce m\u00e1s sobre la segunda especialidad de Nutrici\u00f3n Cl\u00ednica con menci\u00f3n en Nutrici\u00f3n Renal\u00bb. Transmisi\u00f3n v\u00eda Zoom y Facebook Live Reg\u00edstrate aqu\u00ed para recibir el link de la transmisi\u00f3n: https:\/\/acortar.link\/TNqkLF Ponente: EVELYN LUQUECoordinadora de la segunda especialidad de [&hellip;]<\/p>\n","protected":false},"featured_media":0,"parent":0,"template":"","categoria-eventos":[17,44],"class_list":["post-3801","evento","type-evento","status-publish","hentry","categoria-eventos-videoconferencias","categoria-eventos-webinar-gratuito"],"custom_fields_data":{"inline_featured_image":["0"],"hcf_post_fecha":["2024-04-24"],"hcf_post_timeI":["20:00"],"hcf_post_timeF":["21:00"],"hcf_post_lugar":["Escuela de Posgrado Norbert Wiener"],"hcf_post_ingreso":[""],"hcf_post_recomendados":[""],"hcf_post_anexos":[""],"hcf_post_email":[""],"hcf_post_url_face":["https:\/\/www.facebook.com\/PosgradoWiener\/videos\/1472858489982045"],"hcf_fecha_blog":[""],"hcf_destacado_blog":[""],"hcf_imagenes":["a:0:{}"],"hcf_thumb_500":["https:\/\/posgrado.uwiener.edu.pe\/actividades\/wp-content\/uploads\/2024\/04\/500px82px.jpg"],"hcf_thumb_1600":["https:\/\/posgrado.uwiener.edu.pe\/actividades\/wp-content\/uploads\/2024\/04\/1920-x-550px.png"],"hcf_destacada":["https:\/\/posgrado.uwiener.edu.pe\/actividades\/wp-content\/uploads\/2024\/04\/1200-x-628px-copia.jpg"],"_edit_lock":["1740172225:5"],"_edit_last":["5"],"rank_math_internal_links_processed":["1"]},"_links":{"self":[{"href":"https:\/\/posgrado.uwiener.edu.pe\/actividades\/wp-json\/wp\/v2\/evento\/3801"}],"collection":[{"href":"https:\/\/posgrado.uwiener.edu.pe\/actividades\/wp-json\/wp\/v2\/evento"}],"about":[{"href":"https:\/\/posgrado.uwiener.edu.pe\/actividades\/wp-json\/wp\/v2\/types\/evento"}],"wp:attachment":[{"href":"https:\/\/posgrado.uwiener.edu.pe\/actividades\/wp-json\/wp\/v2\/media?parent=3801"}],"wp:term":[{"taxonomy":"categoria-eventos","embeddable":true,"href":"https:\/\/posgrado.uwiener.edu.pe\/actividades\/wp-json\/wp\/v2\/categoria-eventos?post=3801"}],"curies":[{"name":"wp","href":"https:\/\/api.w.org\/{rel}","templated":true}]}}