
{"id":3924,"date":"2024-06-03T15:26:09","date_gmt":"2024-06-03T20:26:09","guid":{"rendered":"https:\/\/posgrado.uwiener.edu.pe\/actividades\/?post_type=evento&#038;p=3924"},"modified":"2024-06-03T15:26:10","modified_gmt":"2024-06-03T20:26:10","slug":"charla-informativa-maestria-en-gestion-publica-y-gobernabilidad-4","status":"publish","type":"evento","link":"https:\/\/posgrado.uwiener.edu.pe\/actividades\/evento\/charla-informativa-maestria-en-gestion-publica-y-gobernabilidad-4\/","title":{"rendered":"Charla informativa: Maestr\u00eda en Gesti\u00f3n Publica y Gobernabilidad"},"content":{"rendered":"\n<p>Participa de nuestra charla Informativa de Maestr\u00eda en Gestion P\u00fablica y Gobernabilidad \u00abDocente Expertos, Malla Curricular Potenciada con Arizona State University, Certificaciones Complementarias e Inversi\u00f3n Financiera\u00bb<\/p>\n\n\n\n<p>Transmisi\u00f3n v\u00eda Zoom y Facebook Live<\/p>\n\n\n\n<p>Reg\u00edstrate aqu\u00ed para recibir el link de la transmisi\u00f3n: <a href=\"https:\/\/acortar.link\/kop6j0\" target=\"_blank\" rel=\"noopener\">https:\/\/acortar.link\/kop6j0<\/a><\/p>\n\n\n\n<p>Ponente: <\/p>\n\n\n\n<p>Mag. Liliana Larrea<\/p>\n\n\n\n<p>Coordinadora Acad\u00e9mica de la Maestr\u00eda en Gesti\u00f3n P\u00fablica y Gobernabilidad.<\/p>\n","protected":false},"excerpt":{"rendered":"<p>Participa de nuestra charla Informativa de Maestr\u00eda en Gestion P\u00fablica y Gobernabilidad \u00abDocente Expertos, Malla Curricular Potenciada con Arizona State University, Certificaciones Complementarias e Inversi\u00f3n Financiera\u00bb Transmisi\u00f3n v\u00eda Zoom y Facebook Live Reg\u00edstrate aqu\u00ed para recibir el link de la transmisi\u00f3n: https:\/\/acortar.link\/kop6j0 Ponente: Mag. Liliana Larrea Coordinadora Acad\u00e9mica de la Maestr\u00eda en Gesti\u00f3n P\u00fablica y [&hellip;]<\/p>\n","protected":false},"featured_media":0,"parent":0,"template":"","categoria-eventos":[17,44],"class_list":["post-3924","evento","type-evento","status-publish","hentry","categoria-eventos-videoconferencias","categoria-eventos-webinar-gratuito"],"custom_fields_data":{"inline_featured_image":["0"],"hcf_post_fecha":["2024-06-12"],"hcf_post_timeI":["19:00"],"hcf_post_timeF":["20:00"],"hcf_post_lugar":["Escuela de Posgrado Norbert Wiener - Facebook Live"],"hcf_post_ingreso":[""],"hcf_post_recomendados":[""],"hcf_post_anexos":[""],"hcf_post_email":[""],"hcf_post_url_face":[""],"hcf_fecha_blog":[""],"hcf_destacado_blog":[""],"hcf_imagenes":["a:0:{}"],"hcf_thumb_500":["https:\/\/posgrado.uwiener.edu.pe\/actividades\/wp-content\/uploads\/2024\/02\/500x82.jpg"],"hcf_thumb_1600":["https:\/\/posgrado.uwiener.edu.pe\/actividades\/wp-content\/uploads\/2024\/02\/1920x314.jpg"],"hcf_destacada":["https:\/\/posgrado.uwiener.edu.pe\/actividades\/wp-content\/uploads\/2024\/02\/1200x628.jpg"],"_edit_lock":["1717446472:5"],"_edit_last":["5"],"rank_math_internal_links_processed":["1"]},"_links":{"self":[{"href":"https:\/\/posgrado.uwiener.edu.pe\/actividades\/wp-json\/wp\/v2\/evento\/3924"}],"collection":[{"href":"https:\/\/posgrado.uwiener.edu.pe\/actividades\/wp-json\/wp\/v2\/evento"}],"about":[{"href":"https:\/\/posgrado.uwiener.edu.pe\/actividades\/wp-json\/wp\/v2\/types\/evento"}],"wp:attachment":[{"href":"https:\/\/posgrado.uwiener.edu.pe\/actividades\/wp-json\/wp\/v2\/media?parent=3924"}],"wp:term":[{"taxonomy":"categoria-eventos","embeddable":true,"href":"https:\/\/posgrado.uwiener.edu.pe\/actividades\/wp-json\/wp\/v2\/categoria-eventos?post=3924"}],"curies":[{"name":"wp","href":"https:\/\/api.w.org\/{rel}","templated":true}]}}