
{"id":4649,"date":"2025-11-07T18:17:54","date_gmt":"2025-11-07T23:17:54","guid":{"rendered":"https:\/\/posgrado.uwiener.edu.pe\/actividades\/?post_type=evento&#038;p=4649"},"modified":"2025-11-07T18:17:54","modified_gmt":"2025-11-07T23:17:54","slug":"charla-informativa-maestria-en-ciencias-de-enfermeria-con-mencion-en-gerencia-de-los-cuidados-de-enfermeria-10","status":"publish","type":"evento","link":"https:\/\/posgrado.uwiener.edu.pe\/actividades\/evento\/charla-informativa-maestria-en-ciencias-de-enfermeria-con-mencion-en-gerencia-de-los-cuidados-de-enfermeria-10\/","title":{"rendered":"Charla informativa: Maestr\u00eda en Ciencias de Enfermer\u00eda con menci\u00f3n en Gerencia de los Cuidados de Enfermer\u00eda"},"content":{"rendered":"\n<p><strong>\ud83d\udc69\u200d<\/strong>\u2695\ufe0f Fortalece tu liderazgo en el cuidado profesional de la salud.\u00a0<\/p>\n\n\n\n<p>Participa en la charla Informativa de la Maestr\u00eda en Ciencias de Enfermer\u00eda con menci\u00f3n en Gerencia de los Cuidados de Enfermer\u00eda y potencia tu capacidad para dirigir equipos y mejorar la calidad del cuidado.<\/p>\n\n\n\n<p>\ud83d\udcc5 Fecha: 10 de noviembre\u00a0<\/p>\n\n\n\n<p>\ud83d\udd55 Hora: 6:00 p. m.\u00a0<\/p>\n\n\n\n<p>\ud83d\udc69\u200d\ud83c\udfeb Ponente: Dra. Elvira Campos Zavala<\/p>\n\n\n\n<p>Doctora en Salud P\u00fablica, enfermera salubrista con especialidad en Salud Familiar. Mag\u00edster en Salud P\u00fablica y en Docencia Universitaria.<\/p>\n\n\n\n<p>\u2728 Participa y eleva tu pr\u00e1ctica profesional en el \u00e1mbito del cuidado y la gesti\u00f3n en salud.<\/p>\n\n\n\n<p>\ud83d\udcf2 Reg\u00edstrate para recibir el enlace de Zoom \ud83d\udc49\u00a0<a href=\"https:\/\/tinyurl.com\/5cubn9ut\" target=\"_blank\" rel=\"noopener\">https:\/\/tinyurl.com\/5cubn9ut<\/a><\/p>\n\n\n\n<p>\u00a0\u00a1No te lo pierdas!<\/p>\n","protected":false},"excerpt":{"rendered":"<p>\ud83d\udc69\u200d\u2695\ufe0f Fortalece tu liderazgo en el cuidado profesional de la salud.\u00a0 Participa en la charla Informativa de la Maestr\u00eda en Ciencias de Enfermer\u00eda con menci\u00f3n en Gerencia de los Cuidados de Enfermer\u00eda y potencia tu capacidad para dirigir equipos y mejorar la calidad del cuidado. \ud83d\udcc5 Fecha: 10 de noviembre\u00a0 \ud83d\udd55 Hora: 6:00 p. m.\u00a0 [&hellip;]<\/p>\n","protected":false},"featured_media":0,"parent":0,"template":"","categoria-eventos":[17,44],"class_list":["post-4649","evento","type-evento","status-publish","hentry","categoria-eventos-videoconferencias","categoria-eventos-webinar-gratuito"],"custom_fields_data":{"inline_featured_image":["0"],"hcf_post_fecha":["2025-11-10"],"hcf_post_timeI":["18:00"],"hcf_post_timeF":["19:00"],"hcf_post_lugar":["Escuela de Posgrado Norbert Wiener - Facebook Live"],"hcf_post_ingreso":[""],"hcf_post_recomendados":[""],"hcf_post_anexos":[""],"hcf_post_email":[""],"hcf_post_url_face":[""],"hcf_fecha_blog":[""],"hcf_destacado_blog":[""],"hcf_imagenes":["a:0:{}"],"hcf_thumb_500":["https:\/\/posgrado.uwiener.edu.pe\/actividades\/wp-content\/uploads\/2023\/10\/500x82-15.jpg"],"hcf_thumb_1600":["https:\/\/posgrado.uwiener.edu.pe\/actividades\/wp-content\/uploads\/2023\/10\/1920x314-15.jpg"],"hcf_destacada":["https:\/\/posgrado.uwiener.edu.pe\/actividades\/wp-content\/uploads\/2023\/10\/1200x628-15.jpg"],"_edit_lock":["1762557687:5"],"rank_math_internal_links_processed":["1"],"rank_math_seo_score":["12"],"_edit_last":["5"]},"_links":{"self":[{"href":"https:\/\/posgrado.uwiener.edu.pe\/actividades\/wp-json\/wp\/v2\/evento\/4649"}],"collection":[{"href":"https:\/\/posgrado.uwiener.edu.pe\/actividades\/wp-json\/wp\/v2\/evento"}],"about":[{"href":"https:\/\/posgrado.uwiener.edu.pe\/actividades\/wp-json\/wp\/v2\/types\/evento"}],"wp:attachment":[{"href":"https:\/\/posgrado.uwiener.edu.pe\/actividades\/wp-json\/wp\/v2\/media?parent=4649"}],"wp:term":[{"taxonomy":"categoria-eventos","embeddable":true,"href":"https:\/\/posgrado.uwiener.edu.pe\/actividades\/wp-json\/wp\/v2\/categoria-eventos?post=4649"}],"curies":[{"name":"wp","href":"https:\/\/api.w.org\/{rel}","templated":true}]}}