
{"id":4668,"date":"2026-01-23T12:38:39","date_gmt":"2026-01-23T17:38:39","guid":{"rendered":"https:\/\/posgrado.uwiener.edu.pe\/actividades\/?post_type=evento&#038;p=4668"},"modified":"2026-01-23T12:38:39","modified_gmt":"2026-01-23T17:38:39","slug":"webinar-los-primeros-1000-dias-la-ventana-de-oro-de-la-nutricion-infantil","status":"publish","type":"evento","link":"https:\/\/posgrado.uwiener.edu.pe\/actividades\/evento\/webinar-los-primeros-1000-dias-la-ventana-de-oro-de-la-nutricion-infantil\/","title":{"rendered":"Webinar: Los Primeros 1000 D\u00edas: La Ventana de Oro de la Nutrici\u00f3n Infantil"},"content":{"rendered":"\n<p>Conoce m\u00e1s sobre la <strong>Segunda Especialidad en Nutrici\u00f3n Pedi\u00e1trica<\/strong> en nuestro <strong>webinar gratuito<\/strong>.<\/p>\n\n\n\n<p><strong><em>Tema: Los Primeros 1000 D\u00edas: La Ventana de Oro de la Nutrici\u00f3n Infantil<\/em><\/strong><br>Descubre c\u00f3mo esta especialidad puede enriquecer tu formaci\u00f3n profesional en una etapa determinante del desarrollo humano, reconociendo la importancia de una nutrici\u00f3n adecuada desde la concepci\u00f3n hasta los dos primeros a\u00f1os de vida, periodo clave para el crecimiento, el desarrollo cognitivo y la prevenci\u00f3n de enfermedades a largo plazo.<\/p>\n\n\n\n<p>\ud83d\udcc5 <strong>Fecha: <\/strong>27 de enero<br>\ud83d\udd56 <strong>Hora: <\/strong>7:00 p. m.<br>\ud83c\udf10 <strong>Transmisi\u00f3n:<\/strong> Zoom + Facebook Live<br>\ud83c\udf99 <strong>Ponente: <\/strong>Mag. Fiorela Flores Toribio &#8211; Mag\u00edster en Nutrici\u00f3n P\u00fablica.<\/p>\n\n\n\n<p>\ud83d\udd17 <strong>Inscr\u00edbete aqu\u00ed y asegura tu acceso: <\/strong><a href=\"https:\/\/tinyurl.com\/4ncshct5\" target=\"_blank\" rel=\"noopener\">https:\/\/tinyurl.com\/4ncshct5<\/a><\/p>\n\n\n\n<p><em>Potencia tu desarrollo profesional en el \u00e1mbito de la nutrici\u00f3n pedi\u00e1trica.<\/em><\/p>\n\n\n\n<p><\/p>\n","protected":false},"excerpt":{"rendered":"<p>Conoce m\u00e1s sobre la Segunda Especialidad en Nutrici\u00f3n Pedi\u00e1trica en nuestro webinar gratuito. Tema: Los Primeros 1000 D\u00edas: La Ventana de Oro de la Nutrici\u00f3n InfantilDescubre c\u00f3mo esta especialidad puede enriquecer tu formaci\u00f3n profesional en una etapa determinante del desarrollo humano, reconociendo la importancia de una nutrici\u00f3n adecuada desde la concepci\u00f3n hasta los dos primeros [&hellip;]<\/p>\n","protected":false},"featured_media":0,"parent":0,"template":"","categoria-eventos":[17,44],"class_list":["post-4668","evento","type-evento","status-publish","hentry","categoria-eventos-videoconferencias","categoria-eventos-webinar-gratuito"],"custom_fields_data":{"inline_featured_image":["0"],"hcf_post_fecha":["2026-01-27"],"hcf_post_timeI":["19:00"],"hcf_post_timeF":["20:00"],"hcf_post_lugar":["Posgrado Norbert Wiener - Facebook Live"],"hcf_post_ingreso":[""],"hcf_post_recomendados":[""],"hcf_post_anexos":[""],"hcf_post_email":[""],"hcf_post_url_face":[""],"hcf_fecha_blog":[""],"hcf_destacado_blog":[""],"hcf_imagenes":["a:0:{}"],"hcf_thumb_500":["https:\/\/posgrado.uwiener.edu.pe\/actividades\/wp-content\/uploads\/2024\/11\/500x82.png"],"hcf_thumb_1600":["https:\/\/posgrado.uwiener.edu.pe\/actividades\/wp-content\/uploads\/2024\/11\/1920x314.png"],"hcf_destacada":["https:\/\/posgrado.uwiener.edu.pe\/actividades\/wp-content\/uploads\/2024\/11\/1200x628.png"],"_edit_lock":["1769190443:5"],"rank_math_internal_links_processed":["1"],"rank_math_seo_score":["13"],"_edit_last":["5"]},"_links":{"self":[{"href":"https:\/\/posgrado.uwiener.edu.pe\/actividades\/wp-json\/wp\/v2\/evento\/4668"}],"collection":[{"href":"https:\/\/posgrado.uwiener.edu.pe\/actividades\/wp-json\/wp\/v2\/evento"}],"about":[{"href":"https:\/\/posgrado.uwiener.edu.pe\/actividades\/wp-json\/wp\/v2\/types\/evento"}],"wp:attachment":[{"href":"https:\/\/posgrado.uwiener.edu.pe\/actividades\/wp-json\/wp\/v2\/media?parent=4668"}],"wp:term":[{"taxonomy":"categoria-eventos","embeddable":true,"href":"https:\/\/posgrado.uwiener.edu.pe\/actividades\/wp-json\/wp\/v2\/categoria-eventos?post=4668"}],"curies":[{"name":"wp","href":"https:\/\/api.w.org\/{rel}","templated":true}]}}