
{"id":4855,"date":"2026-04-13T13:34:57","date_gmt":"2026-04-13T18:34:57","guid":{"rendered":"https:\/\/posgrado.uwiener.edu.pe\/actividades\/?post_type=evento&#038;p=4855"},"modified":"2026-04-13T13:38:39","modified_gmt":"2026-04-13T18:38:39","slug":"charla-informativa-segunda-especialidad-en-histotecnologia-2","status":"publish","type":"evento","link":"https:\/\/posgrado.uwiener.edu.pe\/actividades\/evento\/charla-informativa-segunda-especialidad-en-histotecnologia-2\/","title":{"rendered":"Charla Informativa: Segunda Especialidad en Histotecnolog\u00eda"},"content":{"rendered":"\n<p>Te invitamos a la charla informativa de la&nbsp;<strong>Segunda Especialidad en&nbsp;Histotecnolog\u00eda&nbsp;<\/strong>y perfecciona tus t\u00e9cnicas con herramientas avanzadas para la detecci\u00f3n de patolog\u00edas y la gesti\u00f3n de calidad con est\u00e1ndares nacionales e internacionales.<strong>&nbsp;<\/strong>&nbsp;<\/p>\n\n\n\n<p><strong>\ud83c\udf10 Transmisi\u00f3n:<\/strong>&nbsp;Zoom&nbsp;+ Facebook Live&nbsp;&nbsp;<\/p>\n\n\n\n<p>\ud83c\udf99&nbsp;<strong>Ponentes:&nbsp;<\/strong>&nbsp;<\/p>\n\n\n\n<ul class=\"wp-block-list\">\n<li><strong>Mag. Diana&nbsp;Laynes&nbsp;Hern\u00e1ndez,<\/strong>&nbsp;Coordinadora de la Segunda Especialidad en&nbsp;Histotecnolog\u00eda.&nbsp;<\/li>\n<\/ul>\n\n\n\n<ul class=\"wp-block-list\">\n<li><strong>Mag.&nbsp;Carlos Garc\u00eda V\u00e1zquez,&nbsp;<\/strong>Especialista en&nbsp;Citopatolog\u00eda&nbsp;del Hospital Alberto Sabogal Sologuren \u2013 EsSalud.&nbsp;&nbsp;<\/li>\n<\/ul>\n\n\n\n<p>\ud83d\udd17Inscr\u00edbete y asegura tu acceso: <a href=\"https:\/\/tinyurl.com\/2s76tvu8\" data-type=\"link\" data-id=\"https:\/\/tinyurl.com\/2s76tvu8\" target=\"_blank\" rel=\"noopener\">https:\/\/tinyurl.com\/2s76tvu8<\/a><\/p>\n","protected":false},"excerpt":{"rendered":"<p>Te invitamos a la charla informativa de la&nbsp;Segunda Especialidad en&nbsp;Histotecnolog\u00eda&nbsp;y perfecciona tus t\u00e9cnicas con herramientas avanzadas para la detecci\u00f3n de patolog\u00edas y la gesti\u00f3n de calidad con est\u00e1ndares nacionales e internacionales.&nbsp;&nbsp; \ud83c\udf10 Transmisi\u00f3n:&nbsp;Zoom&nbsp;+ Facebook Live&nbsp;&nbsp; \ud83c\udf99&nbsp;Ponentes:&nbsp;&nbsp; \ud83d\udd17Inscr\u00edbete y asegura tu acceso: https:\/\/tinyurl.com\/2s76tvu8<\/p>\n","protected":false},"featured_media":0,"parent":0,"template":"","categoria-eventos":[17],"class_list":["post-4855","evento","type-evento","status-publish","hentry","categoria-eventos-videoconferencias"],"custom_fields_data":{"inline_featured_image":["0"],"hcf_post_fecha":["2026-04-23"],"hcf_post_timeI":["19:00"],"hcf_post_timeF":["20:00"],"hcf_post_lugar":["Posgrado Norbert Wiener - Zoom"],"hcf_post_ingreso":[""],"hcf_post_recomendados":[""],"hcf_post_anexos":[""],"hcf_post_email":[""],"hcf_post_url_face":[""],"hcf_fecha_blog":[""],"hcf_destacado_blog":[""],"hcf_imagenes":["a:0:{}"],"hcf_thumb_500":["https:\/\/posgrado.uwiener.edu.pe\/actividades\/wp-content\/uploads\/2024\/09\/500x82-img-interior.jpg"],"hcf_thumb_1600":["https:\/\/posgrado.uwiener.edu.pe\/actividades\/wp-content\/uploads\/2024\/09\/1920x314_histo.png"],"hcf_destacada":["https:\/\/posgrado.uwiener.edu.pe\/actividades\/wp-content\/uploads\/2024\/09\/1200x628px.png"],"_edit_lock":["1776105519:5"],"rank_math_internal_links_processed":["1"],"rank_math_seo_score":["8"],"_edit_last":["5"]},"_links":{"self":[{"href":"https:\/\/posgrado.uwiener.edu.pe\/actividades\/wp-json\/wp\/v2\/evento\/4855"}],"collection":[{"href":"https:\/\/posgrado.uwiener.edu.pe\/actividades\/wp-json\/wp\/v2\/evento"}],"about":[{"href":"https:\/\/posgrado.uwiener.edu.pe\/actividades\/wp-json\/wp\/v2\/types\/evento"}],"wp:attachment":[{"href":"https:\/\/posgrado.uwiener.edu.pe\/actividades\/wp-json\/wp\/v2\/media?parent=4855"}],"wp:term":[{"taxonomy":"categoria-eventos","embeddable":true,"href":"https:\/\/posgrado.uwiener.edu.pe\/actividades\/wp-json\/wp\/v2\/categoria-eventos?post=4855"}],"curies":[{"name":"wp","href":"https:\/\/api.w.org\/{rel}","templated":true}]}}